{"version":"1.0","provider_name":"V\u00e4lkommen till JeLo","provider_url":"https:\/\/datajenny.se\/Blogg","author_name":"Jenny Louise Nod\u00e9n","author_url":"https:\/\/datajenny.se\/Blogg\/author\/jenny_louise\/","title":"Tillbaka i vardagen \u2013 f\u00f6rsta arbetsdagen efter semestern - V\u00e4lkommen till JeLo","type":"rich","width":600,"height":338,"html":"<blockquote class=\"wp-embedded-content\" data-secret=\"LM5b5dBFls\"><a href=\"https:\/\/datajenny.se\/Blogg\/2025\/07\/14\/tillbaka-i-vardagen-forsta-arbetsdagen-efter-semestern\/\">Tillbaka i vardagen \u2013 f\u00f6rsta arbetsdagen efter semestern<\/a><\/blockquote><iframe sandbox=\"allow-scripts\" security=\"restricted\" src=\"https:\/\/datajenny.se\/Blogg\/2025\/07\/14\/tillbaka-i-vardagen-forsta-arbetsdagen-efter-semestern\/embed\/#?secret=LM5b5dBFls\" width=\"600\" height=\"338\" title=\"\u201dTillbaka i vardagen \u2013 f\u00f6rsta arbetsdagen efter semestern\u201d &ndash; V\u00e4lkommen till JeLo\" data-secret=\"LM5b5dBFls\" frameborder=\"0\" marginwidth=\"0\" marginheight=\"0\" scrolling=\"no\" class=\"wp-embedded-content\"><\/iframe><script type=\"text\/javascript\">\n\/* <![CDATA[ *\/\n\/*! This file is auto-generated *\/\n!function(d,l){\"use strict\";l.querySelector&&d.addEventListener&&\"undefined\"!=typeof URL&&(d.wp=d.wp||{},d.wp.receiveEmbedMessage||(d.wp.receiveEmbedMessage=function(e){var t=e.data;if((t||t.secret||t.message||t.value)&&!\/[^a-zA-Z0-9]\/.test(t.secret)){for(var s,r,n,a=l.querySelectorAll('iframe[data-secret=\"'+t.secret+'\"]'),o=l.querySelectorAll('blockquote[data-secret=\"'+t.secret+'\"]'),c=new RegExp(\"^https?:$\",\"i\"),i=0;i<o.length;i++)o[i].style.display=\"none\";for(i=0;i<a.length;i++)s=a[i],e.source===s.contentWindow&&(s.removeAttribute(\"style\"),\"height\"===t.message?(1e3<(r=parseInt(t.value,10))?r=1e3:~~r<200&&(r=200),s.height=r):\"link\"===t.message&&(r=new URL(s.getAttribute(\"src\")),n=new URL(t.value),c.test(n.protocol))&&n.host===r.host&&l.activeElement===s&&(d.top.location.href=t.value))}},d.addEventListener(\"message\",d.wp.receiveEmbedMessage,!1),l.addEventListener(\"DOMContentLoaded\",function(){for(var e,t,s=l.querySelectorAll(\"iframe.wp-embedded-content\"),r=0;r<s.length;r++)(t=(e=s[r]).getAttribute(\"data-secret\"))||(t=Math.random().toString(36).substring(2,12),e.src+=\"#?secret=\"+t,e.setAttribute(\"data-secret\",t)),e.contentWindow.postMessage({message:\"ready\",secret:t},\"*\")},!1)))}(window,document);\n\/\/# sourceURL=https:\/\/datajenny.se\/Blogg\/wp-includes\/js\/wp-embed.min.js\n\/* ]]> *\/\n<\/script>\n","thumbnail_url":"https:\/\/i0.wp.com\/datajenny.se\/Blogg\/wp-content\/uploads\/2025\/07\/20250714_114416281293384650684503636451.jpg?fit=600%2C800&ssl=1","thumbnail_width":600,"thumbnail_height":800,"description":"Idag var det dags \u2013 f\u00f6rsta dagen tillbaka p\u00e5 jobbet efter semestern. Jag hade n\u00e4stan gl\u00f6mt hur det k\u00e4nns att ha en vardagsrutin. Att stiga upp till alarmet ist\u00e4llet f\u00f6r att vakna av sig sj\u00e4lv. Men det gick f\u00f6rv\u00e5nansv\u00e4rt bra. Tempot har varit sk\u00f6nt och lagom. Ingen rivstart, bara en mjukstart in i arbetsveckan. Det [&hellip;]"}