{"version":"1.0","provider_name":"V\u00e4lkommen till JeLo","provider_url":"https:\/\/datajenny.se\/Blogg","author_name":"Jenny Louise Nod\u00e9n","author_url":"https:\/\/datajenny.se\/Blogg\/author\/jenny_louise\/","title":"15 \u00e5r med rakat h\u00e5r och livet d\u00e4remellan - V\u00e4lkommen till JeLo","type":"rich","width":600,"height":338,"html":"<blockquote class=\"wp-embedded-content\" data-secret=\"8YeJT20EFj\"><a href=\"https:\/\/datajenny.se\/Blogg\/2025\/07\/22\/15-ar-med-rakat-har-och-livet-daremellan\/\">15 \u00e5r med rakat h\u00e5r och livet d\u00e4remellan<\/a><\/blockquote><iframe sandbox=\"allow-scripts\" security=\"restricted\" src=\"https:\/\/datajenny.se\/Blogg\/2025\/07\/22\/15-ar-med-rakat-har-och-livet-daremellan\/embed\/#?secret=8YeJT20EFj\" width=\"600\" height=\"338\" title=\"\u201d15 \u00e5r med rakat h\u00e5r och livet d\u00e4remellan\u201d &ndash; V\u00e4lkommen till JeLo\" data-secret=\"8YeJT20EFj\" frameborder=\"0\" marginwidth=\"0\" marginheight=\"0\" scrolling=\"no\" class=\"wp-embedded-content\"><\/iframe><script type=\"text\/javascript\">\n\/* <![CDATA[ *\/\n\/*! This file is auto-generated *\/\n!function(d,l){\"use strict\";l.querySelector&&d.addEventListener&&\"undefined\"!=typeof URL&&(d.wp=d.wp||{},d.wp.receiveEmbedMessage||(d.wp.receiveEmbedMessage=function(e){var t=e.data;if((t||t.secret||t.message||t.value)&&!\/[^a-zA-Z0-9]\/.test(t.secret)){for(var s,r,n,a=l.querySelectorAll('iframe[data-secret=\"'+t.secret+'\"]'),o=l.querySelectorAll('blockquote[data-secret=\"'+t.secret+'\"]'),c=new RegExp(\"^https?:$\",\"i\"),i=0;i<o.length;i++)o[i].style.display=\"none\";for(i=0;i<a.length;i++)s=a[i],e.source===s.contentWindow&&(s.removeAttribute(\"style\"),\"height\"===t.message?(1e3<(r=parseInt(t.value,10))?r=1e3:~~r<200&&(r=200),s.height=r):\"link\"===t.message&&(r=new URL(s.getAttribute(\"src\")),n=new URL(t.value),c.test(n.protocol))&&n.host===r.host&&l.activeElement===s&&(d.top.location.href=t.value))}},d.addEventListener(\"message\",d.wp.receiveEmbedMessage,!1),l.addEventListener(\"DOMContentLoaded\",function(){for(var e,t,s=l.querySelectorAll(\"iframe.wp-embedded-content\"),r=0;r<s.length;r++)(t=(e=s[r]).getAttribute(\"data-secret\"))||(t=Math.random().toString(36).substring(2,12),e.src+=\"#?secret=\"+t,e.setAttribute(\"data-secret\",t)),e.contentWindow.postMessage({message:\"ready\",secret:t},\"*\")},!1)))}(window,document);\n\/\/# sourceURL=https:\/\/datajenny.se\/Blogg\/wp-includes\/js\/wp-embed.min.js\n\/* ]]> *\/\n<\/script>\n","thumbnail_url":"https:\/\/datajenny.se\/Blogg\/wp-content\/uploads\/2025\/07\/20250722_164005.jpg","thumbnail_width":1196,"thumbnail_height":2400,"description":"Idag d\u00f6k det upp ett minne p\u00e5 Facebook \u2013 det \u00e4r visst 15 \u00e5r sedan jag rakade av mig h\u00e5ret f\u00f6rsta g\u00e5ngen. T\u00e4nk att det g\u00e5tt s\u00e5 l\u00e5ng tid! Mycket har f\u00f6r\u00e4ndrats sedan dess. Typ 35 kilo, f\u00f6r att n\u00e4mna en ganska konkret skillnad. Medan jag var p\u00e5 jobbet idag s\u00e5 f\u00f6ljde Erik med sin [&hellip;]"}