{"id":61,"date":"2025-06-30T13:05:07","date_gmt":"2025-06-30T13:05:07","guid":{"rendered":"https:\/\/datajenny.se\/Blogg\/?page_id=61"},"modified":"2025-08-16T19:46:16","modified_gmt":"2025-08-16T17:46:16","slug":"om","status":"publish","type":"page","link":"https:\/\/datajenny.se\/Blogg\/om\/","title":{"rendered":"Mina passioner och professionella erfarenheter"},"content":{"rendered":"\n<h2 class=\"wp-block-heading\">Vem \u00e4r jag?<\/h2>\n\n\n<div class=\"wp-block-image\">\n<figure class=\"alignleft size-thumbnail\"><img data-recalc-dims=\"1\" loading=\"lazy\" decoding=\"async\" width=\"150\" height=\"150\" src=\"https:\/\/i0.wp.com\/datajenny.se\/Blogg\/wp-content\/uploads\/2025\/07\/jhzeq72530938749474860406.jpg?resize=150%2C150&#038;ssl=1\" alt=\"-jhzeq72530938749474860406\" class=\"wp-image-1335\" srcset=\"https:\/\/i0.wp.com\/datajenny.se\/Blogg\/wp-content\/uploads\/2025\/07\/jhzeq72530938749474860406.jpg?resize=150%2C150&amp;ssl=1 150w, https:\/\/i0.wp.com\/datajenny.se\/Blogg\/wp-content\/uploads\/2025\/07\/jhzeq72530938749474860406.jpg?resize=300%2C300&amp;ssl=1 300w, https:\/\/i0.wp.com\/datajenny.se\/Blogg\/wp-content\/uploads\/2025\/07\/jhzeq72530938749474860406.jpg?resize=768%2C768&amp;ssl=1 768w, https:\/\/i0.wp.com\/datajenny.se\/Blogg\/wp-content\/uploads\/2025\/07\/jhzeq72530938749474860406.jpg?w=928&amp;ssl=1 928w\" sizes=\"auto, (max-width: 150px) 100vw, 150px\" \/><\/figure>\n<\/div>\n\n\n<p>Jag \u00e4r 45 \u00e5r gammal, gift och har en son f\u00f6dd 2018-06-10. Vi har ocks\u00e5 tv\u00e5 katter, M\u00e5ns och Pelle.<\/p>\n\n\n\n<p><p>Jag \u00e4r utbildad IT-pedagog i p\u00e5 T\u00e4rna folkh\u00f6gskola. Har \u00e4ven l\u00e4st Handel och Administration p\u00e5 gymnasiet, samt l\u00e4st lite str\u00f6 kurser p\u00e5 h\u00f6gskolan.<\/p><\/p>\n\n\n\n<p><p>Jag jobbar just nu som supporttekniker p\u00e5 Ludvika kommun d\u00e4r jag sitter i kundtj\u00e4nsten och svarar p\u00e5 samtal och hj\u00e4lper kunder med deras IT-relaterade problem, jag fels\u00f6ker datorer och installera om dem. Fels\u00f6ker IOS och Android. \u00c4r duktigt p\u00e5 att g\u00f6ra lathundar och olika guider, \u00e4r v\u00e4ldigt tillm\u00f6tesg\u00e5ende och professionell i min yrkesroll som supporttekniker. Gillar \u00e4ven att vara en probleml\u00f6sare samt att vara lite som en detektiv och jobbar tills jag hittar l\u00f6sning p\u00e5 problemet, jag \u00e4r inte r\u00e4dd att be om hj\u00e4lp.<\/p><\/p>\n\n\n\n<p>Jag \u00e4r arbetsplatsombud och skyddsombud f\u00f6r min enhet Service och Support. Jag \u00e4r \u00e4ven vice ordf\u00f6rande f\u00f6r Vison, Ludvikaavdelningen. <\/p>\n\n\n\n<p>Jag brinner f\u00f6r att hj\u00e4lpa andra och anser att det \u00e4r viktigt att b\u00e5de ber\u00e4tta vad man g\u00f6r samt f\u00f6rklara p\u00e5 ett s\u00e5 pedagogisk sett som m\u00f6jligt. Jag ser till att kunden\/klienten \u00e4r i fokus och att man levererar det som kunden vill ha. Anser \u00e4ven att \u00e5terkoppla \u00e4r viktigt \u00e4ven om man inte har en l\u00f6sning p\u00e5 direkt.&nbsp;<br><br>Jag har l\u00e4s- och skrivsv\u00e5righeter som g\u00f6r att jag alltid har f\u00e5tt jobbat lite extra f\u00f6r att klara mig. Jag \u00e4r ocks\u00e5 en person som har en tendens till av \u00f6verarbeta saker.<\/p>\n\n\n\n<hr class=\"wp-block-separator has-alpha-channel-opacity\"\/>\n\n\n\n<h2 class=\"wp-block-heading\">Intressen<\/h2>\n\n\n\n<ul class=\"wp-block-list\">\n<li>Teknik<\/li>\n\n\n\n<li>Politik<\/li>\n\n\n\n<li>Fackligt arbete<\/li>\n\n\n\n<li>TV-spel<\/li>\n\n\n\n<li>Film\/serier<\/li>\n\n\n\n<li>Blogga<\/li>\n\n\n\n<li>Promenader<\/li>\n<\/ul>\n\n\n\n<hr class=\"wp-block-separator has-alpha-channel-opacity\"\/>\n\n\n\n<h2 class=\"wp-block-heading\">Egenskaper<\/h2>\n\n\n\n<ul class=\"wp-block-list\">\n<li>Nogrann<\/li>\n\n\n\n<li>Flitig<\/li>\n\n\n\n<li>Pedagogisk<\/li>\n\n\n\n<li>Bra arbetsmoral<\/li>\n\n\n\n<li>Sj\u00e4lvst\u00e4ndig<\/li>\n\n\n\n<li>Engagerad<\/li>\n\n\n\n<li>Ansvarsfull<\/li>\n\n\n\n<li>Flexibel<\/li>\n\n\n\n<li>Behj\u00e4lplig<\/li>\n\n\n\n<li>Probleml\u00f6sare<\/li>\n\n\n\n<li>Samarbetsvillig<\/li>\n\n\n\n<li>Serviceinriktad<\/li>\n<\/ul>\n\n\n\n<hr class=\"wp-block-separator has-alpha-channel-opacity\"\/>\n\n\n\n<h2 class=\"wp-block-heading\">Arbetslivserfarenhet<\/h2>\n\n\n\n<h3 class=\"wp-block-heading\">juni 2023 &#8211; nuvarande<\/h3>\n\n\n\n<p><strong>IT-supporttekniker, Ludvika kommun, Ludvika<\/strong><\/p>\n\n\n\n<p><strong>Arbetsuppgifterna jag har \u00e4r:<\/strong><\/p>\n\n\n\n<ul class=\"wp-block-list\">\n<li>IT\u2011kundtj\u00e4nstmottagning \u2011 d\u00e4r jag svarar i telefon och hj\u00e4lper kunder med sina IT\u2011relaterade problem.<\/li>\n\n\n\n<li>Arbetar i Active Directory<\/li>\n\n\n\n<li>Fj\u00e4rranslutning \u2011 Jag tar \u00f6ver kundens dator och hj\u00e4lper till att l\u00f6sa dennes problem.<\/li>\n\n\n\n<li>SITHS och HSA katalog \u2011 d\u00e4r jag administrerar anv\u00e4ndare och k\u00f6r olika kontroller.<\/li>\n\n\n\n<li>Microsoft Teams \u2011 Anv\u00e4nder Teams dagligen i mitt arbete.<\/li>\n\n\n\n<li>Windows 10\/11 \u2011 datorerna har operativsystemet Windows 10 installerat s\u00e5 jag g\u00f6r olika inst\u00e4llningar i systemet.<\/li>\n\n\n\n<li>Installation och fels\u00f6kning av PC datorer<\/li>\n\n\n\n<li>Fels\u00f6kning av IOS och Android, samt hj\u00e4lper till att l\u00e4gga till appar och e\u2011postkonton<\/li>\n\n\n\n<li>Arbeta i och dokumentera i \u00e4rendehanteringssystemet TopDesk<\/li>\n<\/ul>\n\n\n\n<hr class=\"wp-block-separator has-alpha-channel-opacity\"\/>\n\n\n\n<h3 class=\"wp-block-heading\">januari 2011 &#8211; december 2023<\/h3>\n\n\n\n<p><strong>Tekniker\/Handl\u00e4ggare, Kungliga biblioteket, Gr\u00e4ngesberg<\/strong><\/p>\n\n\n\n<p>Kungliga biblioteket tog \u00f6ver efter Svenska filminstitutet, s\u00e5 jag har arbetat med samma arbetsuppgifter, men har \u00e4ven f\u00e5tt nya.<\/p>\n\n\n\n<p><strong>Mina arbetsuppgifterna var:<\/strong><\/p>\n\n\n\n<ul class=\"wp-block-list\">\n<li>Uppordning, preparera och synat film (smalfilm)<\/li>\n\n\n\n<li>Best\u00e4llningsuppdrag (kopierat till USB, h\u00e5rddisk eller skiva fakturering)<\/li>\n\n\n\n<li>Enkla offerter<\/li>\n\n\n\n<li>Digitalisering<\/li>\n\n\n\n<li>Arbetsmilj\u00f6arbete <\/li>\n\n\n\n<li>Brandskyddsombud<\/li>\n\n\n\n<li>Arkivarbete<\/li>\n<\/ul>\n\n\n\n<hr class=\"wp-block-separator has-alpha-channel-opacity\"\/>\n\n\n\n<h3 class=\"wp-block-heading\"><br>maj 2005 &#8211; december 2010<\/h3>\n\n\n\n<p><strong>Tekniker, Svenska Filminstitutet, Gr\u00e4ngesberg<\/strong><\/p>\n\n\n\n<p><strong>Mina arbetsuppgifter var:<\/strong><\/p>\n\n\n\n<ul class=\"wp-block-list\">\n<li>Preparerat och synat film (smalfilm)<\/li>\n\n\n\n<li>Kopierat olika format till DVD och VHS, fakturering, arbetat i programmet Adobe Encore, har gjort DVD filmer med menyer och kapitelindelning.<\/li>\n<\/ul>\n\n\n\n<hr class=\"wp-block-separator has-alpha-channel-opacity\"\/>\n\n\n\n<h3 class=\"wp-block-heading\">oktober 2001 &#8211; december 2002<\/h3>\n\n\n\n<p><strong>Resursarbetare, Fagersta kommun, Fagersta<\/strong><\/p>\n\n\n\n<hr class=\"wp-block-separator has-alpha-channel-opacity\"\/>\n\n\n\n<h3 class=\"wp-block-heading\">juli 1998<\/h3>\n\n\n\n<p><strong>Lokalv\u00e5rdare, ISS st\u00e4dservice, Fagersta<\/strong><\/p>\n\n\n\n<p>Sommarvikariat<\/p>\n\n\n\n<p><strong>Arbetsuppgifterna var:<\/strong><\/p>\n\n\n\n<ul class=\"wp-block-list\">\n<li>St\u00e4dat kontorslokaler<\/li>\n\n\n\n<li>Sanit\u00e4ra<\/li>\n\n\n\n<li>Trappst\u00e4dning<\/li>\n\n\n\n<li>Industrist\u00e4dning<\/li>\n<\/ul>\n\n\n\n<hr class=\"wp-block-separator has-alpha-channel-opacity\"\/>\n\n\n\n<h3 class=\"wp-block-heading\">juni-augusti 1997<\/h3>\n\n\n\n<p><strong>Lokalv\u00e5rdare, ISS st\u00e4dservice, Fagersta<\/strong><\/p>\n\n\n\n<p>Sommarvikariat<\/p>\n\n\n\n<p><strong>Arbetsuppgifterna var:<\/strong><\/p>\n\n\n\n<ul class=\"wp-block-list\">\n<li>St\u00e4dat kontorslokaler<\/li>\n\n\n\n<li>Sanit\u00e4ra<\/li>\n\n\n\n<li>Trappst\u00e4dning<\/li>\n\n\n\n<li>Industrist\u00e4dning<\/li>\n<\/ul>\n\n\n\n<hr class=\"wp-block-separator has-alpha-channel-opacity\"\/>\n\n\n\n<h2 class=\"wp-block-heading\">Utbildningar<\/h2>\n\n\n\n<ul class=\"wp-block-list\">\n<li>Azure AD och Intune utbildning, Atea, Ludvika &#8211; <em>september 2023<\/em><\/li>\n\n\n\n<li>IT-administrat\u00f6r, Hermods AB, Distans &#8211; <em>april 2020-oktober 2021<\/em><\/li>\n\n\n\n<li>Datasamordning och support, VBU Ludvika, Distans &#8211; <em>maj 2018<\/em><\/li>\n\n\n\n<li>IT-pedagoglinjen, T\u00e4rna folkh\u00f6gskola &#8211; augusti 2009 &#8211; juni 2011<\/li>\n\n\n\n<li>Datavetenskap GR (A), Datorer och data fr\u00e5n grunden, Mittuniversitetet, Distans &#8211; <em>2010<\/em><\/li>\n\n\n\n<li>Kursen Persondatorer, NTI Falun, Distans &#8211; <em>2007<\/em><\/li>\n\n\n\n<li>VBU (Desktop, Databashantering, Historia A, Matematik B och Etik och livsfr\u00e5gor), Ludvika &#8211; <em>2004<\/em><\/li>\n\n\n\n<li>VBU (Programhantering, Webbdesign, Matematik A, Naturkunskap A och Svenska B), Ludvika &#8211; <em>2003<\/em><\/li>\n\n\n\n<li>Vuxengymnasiet J\u00f6nk\u00f6ping (Datorkunskap, F\u00f6retagsekonomi A, Religionskunskap A, Aff\u00e4rsjuridik, R\u00e4ttskunskap), J\u00f6nk\u00f6ping &#8211; <em>2001<\/em><\/li>\n\n\n\n<li>Allm\u00e4n linje, Sj\u00f6viks folkh\u00f6gskola &#8211; <em>1999-2000<\/em><\/li>\n\n\n\n<li>Handel- och administrationsprogrammet, Fagersta &#8211; <em>augusti 1996 &#8211; juni 1998<\/em><\/li>\n<\/ul>\n\n\n\n<img data-recalc-dims=\"1\" loading=\"lazy\" decoding=\"async\" style=\"opacity: 0;\" superb-addons-animation=\"zoomIn\" src=\"https:\/\/i0.wp.com\/datajenny.se\/Blogg\/wp-content\/uploads\/2025\/07\/1000012255.png?resize=180%2C53&#038;ssl=1\" alt=\"Signatur\" width=\"180\" height=\"53\">\n\n\n\n<p><\/p>\n","protected":false},"excerpt":{"rendered":"<p>Vem \u00e4r jag? Jag \u00e4r 45 \u00e5r gammal, gift och har en son f\u00f6dd 2018-06-10. Vi har ocks\u00e5 tv\u00e5 katter, M\u00e5ns och Pelle. Jag \u00e4r utbildad IT-pedagog i p\u00e5 T\u00e4rna folkh\u00f6gskola. Har \u00e4ven l\u00e4st Handel och Administration p\u00e5 gymnasiet, samt l\u00e4st lite str\u00f6 kurser p\u00e5 h\u00f6gskolan. Jag jobbar just nu som supporttekniker p\u00e5 Ludvika kommun [&hellip;]<\/p>\n","protected":false},"author":1,"featured_media":0,"parent":0,"menu_order":0,"comment_status":"closed","ping_status":"closed","template":"","meta":{"ngg_post_thumbnail":0,"jetpack_post_was_ever_published":false,"footnotes":""},"class_list":["post-61","page","type-page","status-publish","hentry"],"featured_image_src":null,"yoast_head":"<!-- This site is optimized with the Yoast SEO plugin v27.3 - https:\/\/yoast.com\/product\/yoast-seo-wordpress\/ -->\n<title>Mina passioner och professionella erfarenheter - V\u00e4lkommen till JeLo<\/title>\n<meta name=\"robots\" content=\"index, follow, max-snippet:-1, max-image-preview:large, max-video-preview:-1\" \/>\n<link rel=\"canonical\" href=\"https:\/\/datajenny.se\/Blogg\/om\/\" \/>\n<meta property=\"og:locale\" content=\"sv_SE\" \/>\n<meta property=\"og:type\" content=\"article\" \/>\n<meta property=\"og:title\" content=\"Mina passioner och professionella erfarenheter - V\u00e4lkommen till JeLo\" \/>\n<meta property=\"og:description\" content=\"Vem \u00e4r jag? Jag \u00e4r 45 \u00e5r gammal, gift och har en son f\u00f6dd 2018-06-10. Vi har ocks\u00e5 tv\u00e5 katter, M\u00e5ns och Pelle. Jag \u00e4r utbildad IT-pedagog i p\u00e5 T\u00e4rna folkh\u00f6gskola. Har \u00e4ven l\u00e4st Handel och Administration p\u00e5 gymnasiet, samt l\u00e4st lite str\u00f6 kurser p\u00e5 h\u00f6gskolan. Jag jobbar just nu som supporttekniker p\u00e5 Ludvika kommun [&hellip;]\" \/>\n<meta property=\"og:url\" content=\"https:\/\/datajenny.se\/Blogg\/om\/\" \/>\n<meta property=\"og:site_name\" content=\"V\u00e4lkommen till JeLo\" \/>\n<meta property=\"article:publisher\" content=\"https:\/\/www.facebook.com\/datajenny\/\" \/>\n<meta property=\"article:modified_time\" content=\"2025-08-16T17:46:16+00:00\" \/>\n<meta property=\"og:image\" content=\"https:\/\/datajenny.se\/Blogg\/wp-content\/uploads\/2025\/07\/jhzeq72530938749474860406-150x150.jpg\" \/>\n<meta name=\"twitter:card\" content=\"summary_large_image\" \/>\n<meta name=\"twitter:label1\" content=\"Ber\u00e4knad l\u00e4stid\" \/>\n\t<meta name=\"twitter:data1\" content=\"4 minuter\" \/>\n<script type=\"application\/ld+json\" class=\"yoast-schema-graph\">{\"@context\":\"https:\\\/\\\/schema.org\",\"@graph\":[{\"@type\":\"WebPage\",\"@id\":\"https:\\\/\\\/datajenny.se\\\/Blogg\\\/om\\\/\",\"url\":\"https:\\\/\\\/datajenny.se\\\/Blogg\\\/om\\\/\",\"name\":\"Mina passioner och professionella erfarenheter - V\u00e4lkommen till JeLo\",\"isPartOf\":{\"@id\":\"https:\\\/\\\/datajenny.se\\\/Blogg\\\/#website\"},\"primaryImageOfPage\":{\"@id\":\"https:\\\/\\\/datajenny.se\\\/Blogg\\\/om\\\/#primaryimage\"},\"image\":{\"@id\":\"https:\\\/\\\/datajenny.se\\\/Blogg\\\/om\\\/#primaryimage\"},\"thumbnailUrl\":\"https:\\\/\\\/datajenny.se\\\/Blogg\\\/wp-content\\\/uploads\\\/2025\\\/07\\\/jhzeq72530938749474860406-150x150.jpg\",\"datePublished\":\"2025-06-30T13:05:07+00:00\",\"dateModified\":\"2025-08-16T17:46:16+00:00\",\"breadcrumb\":{\"@id\":\"https:\\\/\\\/datajenny.se\\\/Blogg\\\/om\\\/#breadcrumb\"},\"inLanguage\":\"sv-SE\",\"potentialAction\":[{\"@type\":\"ReadAction\",\"target\":[\"https:\\\/\\\/datajenny.se\\\/Blogg\\\/om\\\/\"]}]},{\"@type\":\"ImageObject\",\"inLanguage\":\"sv-SE\",\"@id\":\"https:\\\/\\\/datajenny.se\\\/Blogg\\\/om\\\/#primaryimage\",\"url\":\"https:\\\/\\\/i0.wp.com\\\/datajenny.se\\\/Blogg\\\/wp-content\\\/uploads\\\/2025\\\/07\\\/jhzeq72530938749474860406.jpg?fit=928%2C928&ssl=1\",\"contentUrl\":\"https:\\\/\\\/i0.wp.com\\\/datajenny.se\\\/Blogg\\\/wp-content\\\/uploads\\\/2025\\\/07\\\/jhzeq72530938749474860406.jpg?fit=928%2C928&ssl=1\",\"width\":928,\"height\":928},{\"@type\":\"BreadcrumbList\",\"@id\":\"https:\\\/\\\/datajenny.se\\\/Blogg\\\/om\\\/#breadcrumb\",\"itemListElement\":[{\"@type\":\"ListItem\",\"position\":1,\"name\":\"Hem\",\"item\":\"https:\\\/\\\/datajenny.se\\\/Blogg\\\/\"},{\"@type\":\"ListItem\",\"position\":2,\"name\":\"Mina passioner och professionella erfarenheter\"}]},{\"@type\":\"WebSite\",\"@id\":\"https:\\\/\\\/datajenny.se\\\/Blogg\\\/#website\",\"url\":\"https:\\\/\\\/datajenny.se\\\/Blogg\\\/\",\"name\":\"V\u00e4lkommen till Jenny Louises blogg\",\"description\":\"Jenny Louises blogg\",\"publisher\":{\"@id\":\"https:\\\/\\\/datajenny.se\\\/Blogg\\\/#\\\/schema\\\/person\\\/da3cd1b9792c07c50c88641dcf976bee\"},\"potentialAction\":[{\"@type\":\"SearchAction\",\"target\":{\"@type\":\"EntryPoint\",\"urlTemplate\":\"https:\\\/\\\/datajenny.se\\\/Blogg\\\/?s={search_term_string}\"},\"query-input\":{\"@type\":\"PropertyValueSpecification\",\"valueRequired\":true,\"valueName\":\"search_term_string\"}}],\"inLanguage\":\"sv-SE\"},{\"@type\":[\"Person\",\"Organization\"],\"@id\":\"https:\\\/\\\/datajenny.se\\\/Blogg\\\/#\\\/schema\\\/person\\\/da3cd1b9792c07c50c88641dcf976bee\",\"name\":\"Jenny Louise Nod\u00e9n\",\"image\":{\"@type\":\"ImageObject\",\"inLanguage\":\"sv-SE\",\"@id\":\"https:\\\/\\\/datajenny.se\\\/Blogg\\\/wp-content\\\/uploads\\\/2025\\\/07\\\/wp-1751728308657.jpg\",\"url\":\"https:\\\/\\\/datajenny.se\\\/Blogg\\\/wp-content\\\/uploads\\\/2025\\\/07\\\/wp-1751728308657.jpg\",\"contentUrl\":\"https:\\\/\\\/datajenny.se\\\/Blogg\\\/wp-content\\\/uploads\\\/2025\\\/07\\\/wp-1751728308657.jpg\",\"width\":928,\"height\":928,\"caption\":\"Jenny Louise Nod\u00e9n\"},\"logo\":{\"@id\":\"https:\\\/\\\/datajenny.se\\\/Blogg\\\/wp-content\\\/uploads\\\/2025\\\/07\\\/wp-1751728308657.jpg\"},\"description\":\"Jag \u00e4r en tjej som oftast \u00e4r glad och \u00e4lskar livet, men den 18 januari 2005 s\u00e5 f\u00f6rs\u00f6kte jag ta mitt liv, jag orkade inte helt enkelt l\u00e4ngre. Men min f\u00e4stman hittade mig i duschen, han r\u00e4ddade livet p\u00e5 mig. Jag fick \u00e5ka in till akuten och blev magpumpad samt s\u00e5 fick jag \u00e4ta kr\u00e4ksirap. Hamnade sedan p\u00e5 S\u00e4ter och log d\u00e4r i fyra dagar. Idag \u00e4r jag glad f\u00f6r att han hittade mig, livet har s\u00e5 mycket att erbjuda. Jag bryr mig f\u00f6r mycket om andra, jag kommer alltid i andra hand hos mig sj\u00e4lv. Jag \u00e4r gift med en underbar man vid namn Magnus och vi har en son som heter Erik och \u00e4r f\u00f6dd juni 2018.\",\"sameAs\":[\"https:\\\/\\\/datajenny.se\\\/Blogg\",\"https:\\\/\\\/www.facebook.com\\\/datajenny\\\/\",\"https:\\\/\\\/www.instagram.com\\\/datajenny\\\/\",\"https:\\\/\\\/www.linkedin.com\\\/in\\\/jenny-louise-nodn-75324811b?\",\"https:\\\/\\\/youtube.com\\\/channel\\\/UCU00yswsJZcmgqfoON6pMwg\",\"https:\\\/\\\/datajenny.tumblr.com\\\/\"]}]}<\/script>\n<!-- \/ Yoast SEO plugin. -->","yoast_head_json":{"title":"Mina passioner och professionella erfarenheter - V\u00e4lkommen till JeLo","robots":{"index":"index","follow":"follow","max-snippet":"max-snippet:-1","max-image-preview":"max-image-preview:large","max-video-preview":"max-video-preview:-1"},"canonical":"https:\/\/datajenny.se\/Blogg\/om\/","og_locale":"sv_SE","og_type":"article","og_title":"Mina passioner och professionella erfarenheter - V\u00e4lkommen till JeLo","og_description":"Vem \u00e4r jag? Jag \u00e4r 45 \u00e5r gammal, gift och har en son f\u00f6dd 2018-06-10. Vi har ocks\u00e5 tv\u00e5 katter, M\u00e5ns och Pelle. Jag \u00e4r utbildad IT-pedagog i p\u00e5 T\u00e4rna folkh\u00f6gskola. Har \u00e4ven l\u00e4st Handel och Administration p\u00e5 gymnasiet, samt l\u00e4st lite str\u00f6 kurser p\u00e5 h\u00f6gskolan. Jag jobbar just nu som supporttekniker p\u00e5 Ludvika kommun [&hellip;]","og_url":"https:\/\/datajenny.se\/Blogg\/om\/","og_site_name":"V\u00e4lkommen till JeLo","article_publisher":"https:\/\/www.facebook.com\/datajenny\/","article_modified_time":"2025-08-16T17:46:16+00:00","og_image":[{"url":"https:\/\/datajenny.se\/Blogg\/wp-content\/uploads\/2025\/07\/jhzeq72530938749474860406-150x150.jpg","type":"","width":"","height":""}],"twitter_card":"summary_large_image","twitter_misc":{"Ber\u00e4knad l\u00e4stid":"4 minuter"},"schema":{"@context":"https:\/\/schema.org","@graph":[{"@type":"WebPage","@id":"https:\/\/datajenny.se\/Blogg\/om\/","url":"https:\/\/datajenny.se\/Blogg\/om\/","name":"Mina passioner och professionella erfarenheter - V\u00e4lkommen till JeLo","isPartOf":{"@id":"https:\/\/datajenny.se\/Blogg\/#website"},"primaryImageOfPage":{"@id":"https:\/\/datajenny.se\/Blogg\/om\/#primaryimage"},"image":{"@id":"https:\/\/datajenny.se\/Blogg\/om\/#primaryimage"},"thumbnailUrl":"https:\/\/datajenny.se\/Blogg\/wp-content\/uploads\/2025\/07\/jhzeq72530938749474860406-150x150.jpg","datePublished":"2025-06-30T13:05:07+00:00","dateModified":"2025-08-16T17:46:16+00:00","breadcrumb":{"@id":"https:\/\/datajenny.se\/Blogg\/om\/#breadcrumb"},"inLanguage":"sv-SE","potentialAction":[{"@type":"ReadAction","target":["https:\/\/datajenny.se\/Blogg\/om\/"]}]},{"@type":"ImageObject","inLanguage":"sv-SE","@id":"https:\/\/datajenny.se\/Blogg\/om\/#primaryimage","url":"https:\/\/i0.wp.com\/datajenny.se\/Blogg\/wp-content\/uploads\/2025\/07\/jhzeq72530938749474860406.jpg?fit=928%2C928&ssl=1","contentUrl":"https:\/\/i0.wp.com\/datajenny.se\/Blogg\/wp-content\/uploads\/2025\/07\/jhzeq72530938749474860406.jpg?fit=928%2C928&ssl=1","width":928,"height":928},{"@type":"BreadcrumbList","@id":"https:\/\/datajenny.se\/Blogg\/om\/#breadcrumb","itemListElement":[{"@type":"ListItem","position":1,"name":"Hem","item":"https:\/\/datajenny.se\/Blogg\/"},{"@type":"ListItem","position":2,"name":"Mina passioner och professionella erfarenheter"}]},{"@type":"WebSite","@id":"https:\/\/datajenny.se\/Blogg\/#website","url":"https:\/\/datajenny.se\/Blogg\/","name":"V\u00e4lkommen till Jenny Louises blogg","description":"Jenny Louises blogg","publisher":{"@id":"https:\/\/datajenny.se\/Blogg\/#\/schema\/person\/da3cd1b9792c07c50c88641dcf976bee"},"potentialAction":[{"@type":"SearchAction","target":{"@type":"EntryPoint","urlTemplate":"https:\/\/datajenny.se\/Blogg\/?s={search_term_string}"},"query-input":{"@type":"PropertyValueSpecification","valueRequired":true,"valueName":"search_term_string"}}],"inLanguage":"sv-SE"},{"@type":["Person","Organization"],"@id":"https:\/\/datajenny.se\/Blogg\/#\/schema\/person\/da3cd1b9792c07c50c88641dcf976bee","name":"Jenny Louise Nod\u00e9n","image":{"@type":"ImageObject","inLanguage":"sv-SE","@id":"https:\/\/datajenny.se\/Blogg\/wp-content\/uploads\/2025\/07\/wp-1751728308657.jpg","url":"https:\/\/datajenny.se\/Blogg\/wp-content\/uploads\/2025\/07\/wp-1751728308657.jpg","contentUrl":"https:\/\/datajenny.se\/Blogg\/wp-content\/uploads\/2025\/07\/wp-1751728308657.jpg","width":928,"height":928,"caption":"Jenny Louise Nod\u00e9n"},"logo":{"@id":"https:\/\/datajenny.se\/Blogg\/wp-content\/uploads\/2025\/07\/wp-1751728308657.jpg"},"description":"Jag \u00e4r en tjej som oftast \u00e4r glad och \u00e4lskar livet, men den 18 januari 2005 s\u00e5 f\u00f6rs\u00f6kte jag ta mitt liv, jag orkade inte helt enkelt l\u00e4ngre. Men min f\u00e4stman hittade mig i duschen, han r\u00e4ddade livet p\u00e5 mig. Jag fick \u00e5ka in till akuten och blev magpumpad samt s\u00e5 fick jag \u00e4ta kr\u00e4ksirap. Hamnade sedan p\u00e5 S\u00e4ter och log d\u00e4r i fyra dagar. Idag \u00e4r jag glad f\u00f6r att han hittade mig, livet har s\u00e5 mycket att erbjuda. Jag bryr mig f\u00f6r mycket om andra, jag kommer alltid i andra hand hos mig sj\u00e4lv. Jag \u00e4r gift med en underbar man vid namn Magnus och vi har en son som heter Erik och \u00e4r f\u00f6dd juni 2018.","sameAs":["https:\/\/datajenny.se\/Blogg","https:\/\/www.facebook.com\/datajenny\/","https:\/\/www.instagram.com\/datajenny\/","https:\/\/www.linkedin.com\/in\/jenny-louise-nodn-75324811b?","https:\/\/youtube.com\/channel\/UCU00yswsJZcmgqfoON6pMwg","https:\/\/datajenny.tumblr.com\/"]}]}},"jetpack_sharing_enabled":true,"jetpack_likes_enabled":true,"_links":{"self":[{"href":"https:\/\/datajenny.se\/Blogg\/wp-json\/wp\/v2\/pages\/61","targetHints":{"allow":["GET"]}}],"collection":[{"href":"https:\/\/datajenny.se\/Blogg\/wp-json\/wp\/v2\/pages"}],"about":[{"href":"https:\/\/datajenny.se\/Blogg\/wp-json\/wp\/v2\/types\/page"}],"author":[{"embeddable":true,"href":"https:\/\/datajenny.se\/Blogg\/wp-json\/wp\/v2\/users\/1"}],"replies":[{"embeddable":true,"href":"https:\/\/datajenny.se\/Blogg\/wp-json\/wp\/v2\/comments?post=61"}],"version-history":[{"count":19,"href":"https:\/\/datajenny.se\/Blogg\/wp-json\/wp\/v2\/pages\/61\/revisions"}],"predecessor-version":[{"id":2598,"href":"https:\/\/datajenny.se\/Blogg\/wp-json\/wp\/v2\/pages\/61\/revisions\/2598"}],"wp:attachment":[{"href":"https:\/\/datajenny.se\/Blogg\/wp-json\/wp\/v2\/media?parent=61"}],"curies":[{"name":"wp","href":"https:\/\/api.w.org\/{rel}","templated":true}]}}